{"id":1903,"date":"2023-04-27T18:30:38","date_gmt":"2023-04-27T15:30:38","guid":{"rendered":"https:\/\/korvalaanen.fi\/?page_id=1903"},"modified":"2023-04-28T13:20:39","modified_gmt":"2023-04-28T10:20:39","slug":"mustakauran-alku-ruokapoytaan","status":"publish","type":"page","link":"https:\/\/korvalaanen.fi\/de\/meista\/mustakauran-alku-ruokapoytaan\/","title":{"rendered":"Mustakauran alku ruokap\u00d6yt\u00e4\u00e4n"},"content":{"rendered":"<div data-elementor-type=\"wp-page\" data-elementor-id=\"1903\" class=\"elementor elementor-1903\" data-elementor-post-type=\"page\">\n\t\t\t\t\t\t<section class=\"elementor-section elementor-top-section elementor-element elementor-element-5363f4c elementor-section-boxed elementor-section-height-default elementor-section-height-default\" data-id=\"5363f4c\" data-element_type=\"section\" data-e-type=\"section\">\n\t\t\t\t\t\t<div class=\"elementor-container elementor-column-gap-default\">\n\t\t\t\t\t<div class=\"elementor-column elementor-col-50 elementor-top-column elementor-element elementor-element-daad6f8\" data-id=\"daad6f8\" data-element_type=\"column\" data-e-type=\"column\">\n\t\t\t<div class=\"elementor-widget-wrap elementor-element-populated\">\n\t\t\t\t\t\t<div class=\"elementor-element elementor-element-1d3e289 elementor-widget elementor-widget-text-editor\" data-id=\"1d3e289\" data-element_type=\"widget\" data-e-type=\"widget\" data-widget_type=\"text-editor.default\">\n\t\t\t\t<div class=\"elementor-widget-container\">\n\t\t\t\t\t\t\t\t\t<p>Kaura oli meille heti se juttu, joka innosti ja kuultuamme sanonnan; <strong>Puuro pit\u00e4\u00e4 miehen tiell\u00e4, velli kaataa ojahan<\/strong>. Sai em\u00e4nt\u00e4 idean. Miksi ihimeess\u00e4 me sy\u00f6tet\u00e4h\u00e4n mustaakauraa hevoosille,mutta emme itte sy\u00f6? Tutkittuamme asiaa totesimme, jotta kukaan ei ollut sit\u00e4 teheny viime aikoina.<\/p>\t\t\t\t\t\t\t\t<\/div>\n\t\t\t\t<\/div>\n\t\t\t\t<div class=\"elementor-element elementor-element-202fae8 elementor-widget elementor-widget-text-editor\" data-id=\"202fae8\" data-element_type=\"widget\" data-e-type=\"widget\" data-widget_type=\"text-editor.default\">\n\t\t\t\t<div class=\"elementor-widget-container\">\n\t\t\t\t\t\t\t\t\t<p>Mustakaura on <strong>alkuper\u00e4inen suomalainen maatiaskauralajike<\/strong> ja Suomi sy\u00f6tt\u00e4\u00e4 sit\u00e4 hevoosille tai joku tek\u00f6\u00f6 siit\u00e4 olutta. Ennen vanhaan soli t\u00e4ysin normaalia, jotta ihimiset sy\u00f6 samaa kauraa, kun talon el\u00e4imet. Alkuper\u00e4islajikkeena mustakaura on ollut se oikia kaura, joka oli juuri suomen oloihin ja suomalaisille ainut oikea vaihtoehto.<\/p><p>Nyky\u00e4\u00e4nh\u00e4n pelloillamme kasvaa ulkomailta tuodut viljalajikkeet. Myllyreissulle pehtoorin laitoon ja sille tielle j\u00e4\u00e4tiin heti koukkuhun. Miksik\u00f6? <strong>Astetta parempi puuro oli syntynyt<\/strong>. Mik\u00e4 aito maku, haju, kermainen koostumus, aamun kohokohta, terveellinen, lis\u00e4-ainehiton ja ravinnerikas, joka pit\u00e4\u00e4 vattan kyll\u00e4\u00e4sen\u00e4. Entisajan kaurahiutaleet. Siit\u00e4 se l\u00e4hti.<\/p><p>Me l\u00e4h\u00e4rimme yhyres l\u00e4hituottajien mukaan Pohjanmaan lakeuksille ja vastaanotto oli n\u00e4ille huikea!<\/p>\t\t\t\t\t\t\t\t<\/div>\n\t\t\t\t<\/div>\n\t\t\t\t\t<\/div>\n\t\t<\/div>\n\t\t\t\t<div class=\"elementor-column elementor-col-50 elementor-top-column elementor-element elementor-element-639f358\" data-id=\"639f358\" data-element_type=\"column\" data-e-type=\"column\">\n\t\t\t<div class=\"elementor-widget-wrap elementor-element-populated\">\n\t\t\t\t\t\t<div class=\"elementor-element elementor-element-88f2a0c elementor-widget elementor-widget-image\" data-id=\"88f2a0c\" data-element_type=\"widget\" data-e-type=\"widget\" data-widget_type=\"image.default\">\n\t\t\t\t<div class=\"elementor-widget-container\">\n\t\t\t\t\t\t\t\t\t\t\t\t\t\t\t<img fetchpriority=\"high\" decoding=\"async\" width=\"576\" height=\"864\" src=\"https:\/\/korvalaanen.fi\/wp-content\/uploads\/2022\/03\/mustakaura_2_ok.jpg\" class=\"attachment-large size-large wp-image-1045\" alt=\"mustakauraa tuoreeltaan\" srcset=\"https:\/\/korvalaanen.fi\/wp-content\/uploads\/2022\/03\/mustakaura_2_ok.jpg 576w, https:\/\/korvalaanen.fi\/wp-content\/uploads\/2022\/03\/mustakaura_2_ok-200x300.jpg 200w\" sizes=\"(max-width: 576px) 100vw, 576px\" \/>\t\t\t\t\t\t\t\t\t\t\t\t\t\t\t<\/div>\n\t\t\t\t<\/div>\n\t\t\t\t<div class=\"elementor-element elementor-element-2726209 elementor-widget elementor-widget-image\" data-id=\"2726209\" data-element_type=\"widget\" data-e-type=\"widget\" data-widget_type=\"image.default\">\n\t\t\t\t<div class=\"elementor-widget-container\">\n\t\t\t\t\t\t\t\t\t\t\t\t\t\t\t<img decoding=\"async\" width=\"800\" height=\"800\" src=\"https:\/\/korvalaanen.fi\/wp-content\/uploads\/2022\/05\/Kaurahiutale-1024x1024.jpeg\" class=\"attachment-large size-large wp-image-1589\" alt=\"Mustakaurasta tulee terveellist\u00e4 ja hyv\u00e4\u00e4 kaurapuuroa\" srcset=\"https:\/\/korvalaanen.fi\/wp-content\/uploads\/2022\/05\/Kaurahiutale-1024x1024.jpeg 1024w, https:\/\/korvalaanen.fi\/wp-content\/uploads\/2022\/05\/Kaurahiutale-300x300.jpeg 300w, https:\/\/korvalaanen.fi\/wp-content\/uploads\/2022\/05\/Kaurahiutale-150x150.jpeg 150w, https:\/\/korvalaanen.fi\/wp-content\/uploads\/2022\/05\/Kaurahiutale-768x768.jpeg 768w, https:\/\/korvalaanen.fi\/wp-content\/uploads\/2022\/05\/Kaurahiutale-600x600.jpeg 600w, https:\/\/korvalaanen.fi\/wp-content\/uploads\/2022\/05\/Kaurahiutale-100x100.jpeg 100w, https:\/\/korvalaanen.fi\/wp-content\/uploads\/2022\/05\/Kaurahiutale.jpeg 1200w\" sizes=\"(max-width: 800px) 100vw, 800px\" \/>\t\t\t\t\t\t\t\t\t\t\t\t\t\t\t<\/div>\n\t\t\t\t<\/div>\n\t\t\t\t\t<\/div>\n\t\t<\/div>\n\t\t\t\t\t<\/div>\n\t\t<\/section>\n\t\t\t\t<\/div>","protected":false},"excerpt":{"rendered":"<p>Kaura oli meille heti se juttu, joka innosti ja kuultuamme [&hellip;]<\/p>\n","protected":false},"author":8,"featured_media":1045,"parent":839,"menu_order":0,"comment_status":"closed","ping_status":"closed","template":"","meta":{"slim_seo":{"title":"Mustakauran alku ruokap\u00d6yt\u00e4\u00e4n - Korvalaanen","description":"Kaura oli meille heti se juttu, joka innosti ja kuultuamme sanonnan; Puuro pit\u00e4\u00e4 miehen tiell\u00e4, velli kaataa ojahan . Sai em\u00e4nt\u00e4 idean. Miksi ihimeess\u00e4 me sy\u00d6te"},"_mc_calendar":[],"footnotes":""},"class_list":["post-1903","page","type-page","status-publish","has-post-thumbnail","hentry"],"_links":{"self":[{"href":"https:\/\/korvalaanen.fi\/de\/wp-json\/wp\/v2\/pages\/1903","targetHints":{"allow":["GET"]}}],"collection":[{"href":"https:\/\/korvalaanen.fi\/de\/wp-json\/wp\/v2\/pages"}],"about":[{"href":"https:\/\/korvalaanen.fi\/de\/wp-json\/wp\/v2\/types\/page"}],"author":[{"embeddable":true,"href":"https:\/\/korvalaanen.fi\/de\/wp-json\/wp\/v2\/users\/8"}],"replies":[{"embeddable":true,"href":"https:\/\/korvalaanen.fi\/de\/wp-json\/wp\/v2\/comments?post=1903"}],"version-history":[{"count":18,"href":"https:\/\/korvalaanen.fi\/de\/wp-json\/wp\/v2\/pages\/1903\/revisions"}],"predecessor-version":[{"id":2008,"href":"https:\/\/korvalaanen.fi\/de\/wp-json\/wp\/v2\/pages\/1903\/revisions\/2008"}],"up":[{"embeddable":true,"href":"https:\/\/korvalaanen.fi\/de\/wp-json\/wp\/v2\/pages\/839"}],"wp:featuredmedia":[{"embeddable":true,"href":"https:\/\/korvalaanen.fi\/de\/wp-json\/wp\/v2\/media\/1045"}],"wp:attachment":[{"href":"https:\/\/korvalaanen.fi\/de\/wp-json\/wp\/v2\/media?parent=1903"}],"curies":[{"name":"wp","href":"https:\/\/api.w.org\/{rel}","templated":true}]}}