{"id":3420,"date":"2025-05-29T17:59:57","date_gmt":"2025-05-29T14:59:57","guid":{"rendered":"https:\/\/korvalaanen.fi\/my-calendar\/"},"modified":"2025-06-10T08:35:31","modified_gmt":"2025-06-10T05:35:31","slug":"tapahtumakalenteri","status":"publish","type":"page","link":"https:\/\/korvalaanen.fi\/de\/tapahtumakalenteri\/","title":{"rendered":"Tapahtumakalenteri"},"content":{"rendered":"\t\t<div data-elementor-type=\"wp-page\" data-elementor-id=\"3420\" class=\"elementor elementor-3420\" data-elementor-post-type=\"page\">\n\t\t\t\t\t\t<section class=\"elementor-section elementor-top-section elementor-element elementor-element-77cc418 elementor-section-boxed elementor-section-height-default elementor-section-height-default\" data-id=\"77cc418\" data-element_type=\"section\" data-e-type=\"section\">\n\t\t\t\t\t\t<div class=\"elementor-container elementor-column-gap-default\">\n\t\t\t\t\t<div class=\"elementor-column elementor-col-100 elementor-top-column elementor-element elementor-element-262be96\" data-id=\"262be96\" data-element_type=\"column\" data-e-type=\"column\">\n\t\t\t<div class=\"elementor-widget-wrap elementor-element-populated\">\n\t\t\t\t\t\t<div class=\"elementor-element elementor-element-72304d1 elementor-widget elementor-widget-heading\" data-id=\"72304d1\" data-element_type=\"widget\" data-e-type=\"widget\" data-widget_type=\"heading.default\">\n\t\t\t\t<div class=\"elementor-widget-container\">\n\t\t\t\t\t<h1 class=\"elementor-heading-title elementor-size-default\">Tapahtumakalenteri<\/h1>\t\t\t\t<\/div>\n\t\t\t\t<\/div>\n\t\t\t\t\t<\/div>\n\t\t<\/div>\n\t\t\t\t\t<\/div>\n\t\t<\/section>\n\t\t\t\t<section class=\"elementor-section elementor-top-section elementor-element elementor-element-1257155e elementor-section-boxed elementor-section-height-default elementor-section-height-default\" data-id=\"1257155e\" data-element_type=\"section\" data-e-type=\"section\">\n\t\t\t\t\t\t<div class=\"elementor-container elementor-column-gap-default\">\n\t\t\t\t\t<div class=\"elementor-column elementor-col-100 elementor-top-column elementor-element elementor-element-70c032ea\" data-id=\"70c032ea\" data-element_type=\"column\" data-e-type=\"column\">\n\t\t\t<div class=\"elementor-widget-wrap elementor-element-populated\">\n\t\t\t\t\t\t<div class=\"elementor-element elementor-element-5748b07e elementor-widget elementor-widget-text-editor\" data-id=\"5748b07e\" data-element_type=\"widget\" data-e-type=\"widget\" data-widget_type=\"text-editor.default\">\n\t\t\t\t<div class=\"elementor-widget-container\">\n\t\t\t\t\t\t\t\t\t<p><div id='mc-948a6a8e8cd15db324902317a630b853' class='mc-main mcjs card month mc-948a6a8e8cd15db324902317a630b853 is-main-view' >\n<script type=\"application\/ld+json\">\n[{\"@context\":\"https:\/\/schema.org\",\"@type\":\"Event\",\"name\":\"\\u00c4itienp\\u00e4iv\\u00e4ruokailu\",\"description\":\"Kauan odotettua tietoa\\ud83d\\udc4b Korvalaanen oy jatkaa kes\\u00e4kahvilassa Yli-Laurosela talomuseolla ja kahvila korvapuusti her\\u00e4\\u00e4 henkiin talven horroksesta. Osa jo varmasti huomanneet, ett\\u00e4 uusi komia aita rakenteilla pihan ymp\\u00e4rille. Ihanaa saada uutta ryhti\\u00e4 markille! Pidet\\u00e4\\u00e4n \\u00c4itienp\\u00e4iv\\u00e4ruokailu varasl\\u00e4ht\\u00f6n\\u00e4 kes\\u00e4\\u00e4n ja toivotetaan kaikki \\u00e4itien ja mummojen kanssa sy\\u00f6m\\u00e4\\u00e4n sunnuntaina 10.5 klo 11 tai klo 13 Tarjolla \\u25b6\\ufe0fPiim\\u00e4velli, leiv\\u00e4t, leikkeleit\\u00e4,&hellip;\",\"image\":\"https:\/\/korvalaanen.fi\/wp-content\/uploads\/2020\/02\/Korvalaanen-Oy-favicon-.png\",\"url\":\"https:\/\/korvalaanen.fi\/de\/tapahtumat\/aitienpaivaruokailu\/\",\"startDate\":\"2026-05-10T11:00:00+03:00\",\"endDate\":\"2026-05-10T12:00:00+03:00\",\"duration\":\"PT1H\",\"eventAttendanceMode\":\"https:\/\/schema.org\/OfflineEventAttendanceMode\",\"location\":{\"@context\":\"https:\/\/schema.org\",\"@type\":\"Place\",\"name\":\"Yli-Lauroselan talomuseo\",\"description\":\"\",\"url\":\"https:\/\/korvalaanen.fi\/de\/tapahtumapaikat\/yli-lauroselan-talomuseo\/\",\"address\":{\"@type\":\"PostalAddress\",\"streetAddress\":\"Museopolku 2\",\"addressLocality\":\"Ilmajoki\",\"addressRegion\":\"\",\"postalCode\":\"60800\",\"addressCountry\":\"Finland\"},\"telephone\":\"n\/a\",\"sameAs\":\"\"}},{\"@context\":\"https:\/\/schema.org\",\"@type\":\"Event\",\"name\":\"Yli-Lauroselan talomuseo aukeaa\",\"description\":\"Yli-Lauroselan talomuseo aukeaa 5.6.\",\"image\":\"https:\/\/korvalaanen.fi\/wp-content\/uploads\/2020\/02\/Korvalaanen-Oy-favicon-.png\",\"url\":\"https:\/\/korvalaanen.fi\/de\/tapahtumat\/yli-lauroselan-talomuseo-aukeaa\/\",\"startDate\":\"2026-06-05T00:00:00+03:00\",\"endDate\":\"2026-06-06T00:00:59+03:00\",\"duration\":\"PD1TH0M0\",\"eventAttendanceMode\":\"https:\/\/schema.org\/OfflineEventAttendanceMode\",\"location\":{\"@context\":\"https:\/\/schema.org\",\"@type\":\"Place\",\"name\":\"Yli-Lauroselan talomuseo\",\"description\":\"\",\"url\":\"https:\/\/korvalaanen.fi\/de\/tapahtumapaikat\/yli-lauroselan-talomuseo\/\",\"address\":{\"@type\":\"PostalAddress\",\"streetAddress\":\"Museopolku 2\",\"addressLocality\":\"Ilmajoki\",\"addressRegion\":\"\",\"postalCode\":\"60800\",\"addressCountry\":\"Finland\"},\"telephone\":\"n\/a\",\"sameAs\":\"\"}}]\n<\/script><\/p>\n<h2 id=\"mc_head_mc-948a6a8e8cd15db324902317a630b853\" class=\"heading my-calendar-month\"><span>Mai&ndash;Juli 2026 Tapahtumat<\/span><\/h2>\n<nav class=\"my-calendar-navigation\" aria-label=\"Kalender (oben)\">\n<div class=\"my-calendar-header\">\n<div class='mc-time'>\n<ul>\n<li><button type='button' id='mc_month-mc-948a6a8e8cd15db324902317a630b853' data-href='https:\/\/korvalaanen.fi\/de\/tapahtumakalenteri\/?cid=mc-948a6a8e8cd15db324902317a630b853&#038;time=month' class='mc-navigation-button month mc-active' aria-current='true'>Monat<\/button><\/li>\n<li><button type='button' id='mc_week-mc-948a6a8e8cd15db324902317a630b853' data-href='https:\/\/korvalaanen.fi\/de\/tapahtumakalenteri\/?cid=mc-948a6a8e8cd15db324902317a630b853&#038;dy=4&#038;month=4&#038;time=week&#038;yr=2026' class='mc-navigation-button week'>Woche<\/button><\/li>\n<li><button type='button' id='mc_day-mc-948a6a8e8cd15db324902317a630b853' data-href='https:\/\/korvalaanen.fi\/de\/tapahtumakalenteri\/?cid=mc-948a6a8e8cd15db324902317a630b853&#038;dy=4&#038;time=day' class='mc-navigation-button day'>Tag<\/button>\n<li><\/ul>\n<\/div>\n<div class=\"my-calendar-date-switcher\">\n<form class=\"mc-date-switcher\" action=\"https:\/\/korvalaanen.fi\/de\/wp-json\/wp\/v2\/pages\/3420\/\" method=\"get\">\n<div><input type=\"hidden\" name=\"cid\" value=\"mc-948a6a8e8cd15db324902317a630b853\" \/> <label class=\"maybe-hide\" for=\"mc-948a6a8e8cd15db324902317a630b853-month\">Monat<\/label> <select id=\"mc-948a6a8e8cd15db324902317a630b853-month\" name=\"month\"><option value='1'>Januar<\/option><option value='2'>Februar<\/option><option value='3'>M\u00e4rz<\/option><option value='4'>April<\/option><option value='5' selected='selected'>Mai<\/option><option value='6'>Juni<\/option><option value='7'>Juli<\/option><option value='8'>August<\/option><option value='9'>September<\/option><option value='10'>Oktober<\/option><option value='11'>November<\/option><option value='12'>Dezember<\/option><\/select><br \/>\n <label class=\"maybe-hide\" for=\"mc-948a6a8e8cd15db324902317a630b853-year\">Jahr<\/label> <select id=\"mc-948a6a8e8cd15db324902317a630b853-year\" name=\"yr\"><option value=\"2025\">2025<\/option><option value=\"2026\" selected='selected'>2026<\/option><\/select> <input type=\"submit\" class=\"button\" id=\"mc-948a6a8e8cd15db324902317a630b853-button\" value=\"Anzeigen\" \/><\/div>\n<\/form>\n<\/div>\n<div class=\"my-calendar-nav\">\n<ul>\n<li class=\"my-calendar-prev\"><button type=\"button\" class=\"mc-navigation-button\" id=\"mc_previous_mc-948a6a8e8cd15db324902317a630b853\" data-href=\"https:\/\/korvalaanen.fi\/de\/tapahtumakalenteri\/?cid=mc-948a6a8e8cd15db324902317a630b853&#038;dy&#038;month=4&#038;time=month&#038;yr=2026\"><span class=\"mc-icon\" aria-hidden=\"true\"><\/span>Edellinen<\/button><\/li>\n<li class=\"my-calendar-today\"><button type=\"button\" id=\"mc_today_mc-948a6a8e8cd15db324902317a630b853\" data-href=\"https:\/\/korvalaanen.fi\/de\/tapahtumakalenteri\/?cid=mc-948a6a8e8cd15db324902317a630b853\" class=\"mc-navigation-button today mc-active\" aria-current=\"true\"><span class=\"mc-icon\" aria-hidden=\"true\"><\/span>T\u00e4n\u00e4\u00e4n<\/button><\/li>\n<li class=\"my-calendar-next\"><button type=\"button\" class=\"mc-navigation-button\" id=\"mc_next_mc-948a6a8e8cd15db324902317a630b853\" data-href=\"https:\/\/korvalaanen.fi\/de\/tapahtumakalenteri\/?cid=mc-948a6a8e8cd15db324902317a630b853&#038;dy&#038;month=6&#038;time=month&#038;yr=2026\">Seuraava<span class=\"mc-icon\" aria-hidden=\"true\"><\/span><\/button><\/li>\n<\/ul><\/div>\n<\/div>\n<\/nav>\n<div class=\"my-calendar-cards\">\n<article id='mc_card_10_80-card-80' class='mc-mc_card_80 card-event mc_brunssi mc_yli-lauroselan-talomuseo  future-event mc_primary_brunssi nonrecurring mc mc-start-11-00 ungrouped mc-event-21 mc-events mc-event mc_rel_brunssi'>\n<header>\n<h4 class='event-title summary' id='mc_80-title-mc-948a6a8e8cd15db324902317a630b853'><a href='https:\/\/korvalaanen.fi\/de\/tapahtumat\/aitienpaivaruokailu\/' class='url summary' ><\/p>\n<div>\u00c4itienp\u00e4iv\u00e4ruokailu<\/div>\n<p><\/a><\/h4>\n<\/header>\n<div id='mc_card_10_80-card-details-80' class='details has-image'  aria-labelledby='mc_80-title-mc-948a6a8e8cd15db324902317a630b853'>\n<span class=\"event-time value-title\">10.5.2026 11:00<\/span><\/p>\n<div class='mc-event-image'><img fetchpriority=\"high\" decoding=\"async\" width=\"600\" height=\"400\" src=\"https:\/\/korvalaanen.fi\/wp-content\/uploads\/2026\/04\/aitienpaiva.png\" class=\"mc-image wp-post-image\" alt=\"Aitienp\u00e4iv\u00e4\" \/><\/div>\n<div class=\"sub-details\">\n<div class='mc-excerpt'>Kauan odotettua tietoa\ud83d\udc4b Korvalaanen oy jatkaa kes\u00e4kahvilassa Yli-Laurosela talomuseolla ja kahvila korvapuusti her\u00e4\u00e4 henkiin talven horroksesta. Osa jo varmasti huomanneet, ett\u00e4 uusi komia aita rakenteilla pihan ymp\u00e4rille. Ihanaa saada uutta ryhti\u00e4 markille! Pidet\u00e4\u00e4n \u00c4itienp\u00e4iv\u00e4ruokailu varasl\u00e4ht\u00f6n\u00e4 kes\u00e4\u00e4n ja toivotetaan kaikki \u00e4itien ja mummojen kanssa sy\u00f6m\u00e4\u00e4n sunnuntaina 10.5 klo 11 tai klo 13 Tarjolla \u25b6\ufe0fPiim\u00e4velli, leiv\u00e4t, leikkeleit\u00e4,&hellip;<\/div>\n<\/p><\/div>\n<\/div>\n<p><!--end .details--><\/article>\n<article id='mc_card_05_82-card-82' class='mc-mc_card_82 card-event mc_brunssi mc_yli-lauroselan-talomuseo  future-event mc_primary_brunssi nonrecurring mc mc-start-00-00 ungrouped mc-event-22 mc-events mc-event mc_rel_brunssi'>\n<header>\n<h4 class='event-title summary' id='mc_82-title-mc-948a6a8e8cd15db324902317a630b853'><a href='https:\/\/korvalaanen.fi\/de\/tapahtumat\/yli-lauroselan-talomuseo-aukeaa\/' class='url summary' ><\/p>\n<div>Yli-Lauroselan talomuseo aukeaa<\/div>\n<p><\/a><\/h4>\n<\/header>\n<div id='mc_card_05_82-card-details-82' class='details has-image'  aria-labelledby='mc_82-title-mc-948a6a8e8cd15db324902317a630b853'>\n<span class=\"event-time value-title\">5.6.2026 Alkaen<\/span><\/p>\n<div class='mc-event-image'><img decoding=\"async\" width=\"800\" height=\"600\" src=\"https:\/\/korvalaanen.fi\/wp-content\/uploads\/2025\/05\/aitienpaivatarjoilu_yli-laurosela-1024x768.jpg\" class=\"mc-image wp-post-image\" alt=\"\u00e4itienp\u00e4iv\u00e4tarjoilu yli laurosela\" \/><\/div>\n<div class=\"sub-details\">\n<div class='mc-excerpt'>Yli-Lauroselan talomuseo aukeaa 5.6.<\/div>\n<\/p><\/div>\n<\/div>\n<p><!--end .details--><\/article>\n<\/div>\n<p><!-- .my-calendar-cards --><\/p>\n<nav class=\"my-calendar-navigation\" aria-label=\"Kalender (unten)\">\n<div class=\"mc_bottomnav my-calendar-footer\">\n<div class=\"category-key has-icons\">\n<h3 class=\"maybe-hide\">Kategorien<\/h3>\n<ul>\n<li class=\"cat_brunssi\"><button type=\"button\" class=\"mc-navigation-button\" id=\"mc_cat_3-mc-948a6a8e8cd15db324902317a630b853\" data-href=\"https:\/\/korvalaanen.fi\/de\/tapahtumakalenteri\/?mcat=3\" ><span class=\"mc-category-title\">Brunssi<\/span><\/button><\/li>\n<li class=\"cat_cruising\"><button type=\"button\" class=\"mc-navigation-button\" id=\"mc_cat_4-mc-948a6a8e8cd15db324902317a630b853\" data-href=\"https:\/\/korvalaanen.fi\/de\/tapahtumakalenteri\/?mcat=4\" ><span class=\"mc-category-title\">Cruising<\/span><\/button><\/li>\n<li class=\"cat_kahvila\"><button type=\"button\" class=\"mc-navigation-button\" id=\"mc_cat_2-mc-948a6a8e8cd15db324902317a630b853\" data-href=\"https:\/\/korvalaanen.fi\/de\/tapahtumakalenteri\/?mcat=2\" ><span class=\"mc-category-title\">Kahvila<\/span><\/button><\/li>\n<li class=\"cat_markkinat\"><button type=\"button\" class=\"mc-navigation-button\" id=\"mc_cat_8-mc-948a6a8e8cd15db324902317a630b853\" data-href=\"https:\/\/korvalaanen.fi\/de\/tapahtumakalenteri\/?mcat=8\" ><span class=\"mc-category-title\">Markkinat<\/span><\/button><\/li>\n<li class=\"cat_messut\"><button type=\"button\" class=\"mc-navigation-button\" id=\"mc_cat_5-mc-948a6a8e8cd15db324902317a630b853\" data-href=\"https:\/\/korvalaanen.fi\/de\/tapahtumakalenteri\/?mcat=5\" ><span class=\"mc-category-title\">Messut<\/span><\/button><\/li>\n<li class=\"cat_nyttely\"><button type=\"button\" class=\"mc-navigation-button\" id=\"mc_cat_6-mc-948a6a8e8cd15db324902317a630b853\" data-href=\"https:\/\/korvalaanen.fi\/de\/tapahtumakalenteri\/?mcat=6\" ><span class=\"mc-category-title\">n\u00e4yttely<\/span><\/button><\/li>\n<li class=\"cat_teatteri\"><button type=\"button\" class=\"mc-navigation-button\" id=\"mc_cat_7-mc-948a6a8e8cd15db324902317a630b853\" data-href=\"https:\/\/korvalaanen.fi\/de\/tapahtumakalenteri\/?mcat=7\" ><span class=\"mc-category-title\">Teatteri<\/span><\/button><\/li>\n<li class=\"cat_yleinen\"><button type=\"button\" class=\"mc-navigation-button\" id=\"mc_cat_1-mc-948a6a8e8cd15db324902317a630b853\" data-href=\"https:\/\/korvalaanen.fi\/de\/tapahtumakalenteri\/?mcat=1\" ><span class=\"mc-category-title\">Yleinen<\/span><\/button><\/li>\n<li class='all-categories'><span class='mc-active' id='mc_cat_all-mc-948a6a8e8cd15db324902317a630b853' tabindex='-1'>Alle Kategorien<\/span><\/li>\n<\/ul>\n<\/div>\n<div class='mc-print'><a id='mc_print-mc-948a6a8e8cd15db324902317a630b853' href='https:\/\/korvalaanen.fi\/de?cid=mc-print-view&#038;dy=1&#038;href=https%3A%2F%2Fkorvalaanen.fi%2Fde%2Fwp-json%2Fwp%2Fv2%2Fpages%2F3420%2F&#038;month=5&#038;time=month&#038;yr=2026' rel='nofollow'><span class='mc-icon' aria-hidden='true'><\/span>Ansicht<span class=\"maybe-hide\"> ausdrucken<\/span><\/a><\/div>\n<\/div>\n<\/nav>\n<\/div>\n<p><!-- Close Main My Calendar Wrapper --><\/p>\n\t\t\t\t\t\t\t\t<\/div>\n\t\t\t\t<\/div>\n\t\t\t\t\t<\/div>\n\t\t<\/div>\n\t\t\t\t\t<\/div>\n\t\t<\/section>\n\t\t\t\t<\/div>\n\t\t","protected":false},"excerpt":{"rendered":"<p>Tapahtumakalenteri<\/p>","protected":false},"author":8,"featured_media":0,"parent":0,"menu_order":0,"comment_status":"closed","ping_status":"closed","template":"","meta":{"slim_seo":{"title":"Tapahtumakalenteri Ilmajoki - Korvalaanen","description":"Korvalaanen tapahtumakalenteri, mit\u00e4 tapahtuu ja miss\u00e4 ollaan ja menn\u00e4\u00e4n."},"_mc_calendar":null,"footnotes":""},"class_list":["post-3420","page","type-page","status-publish","hentry"],"_links":{"self":[{"href":"https:\/\/korvalaanen.fi\/de\/wp-json\/wp\/v2\/pages\/3420","targetHints":{"allow":["GET"]}}],"collection":[{"href":"https:\/\/korvalaanen.fi\/de\/wp-json\/wp\/v2\/pages"}],"about":[{"href":"https:\/\/korvalaanen.fi\/de\/wp-json\/wp\/v2\/types\/page"}],"author":[{"embeddable":true,"href":"https:\/\/korvalaanen.fi\/de\/wp-json\/wp\/v2\/users\/8"}],"replies":[{"embeddable":true,"href":"https:\/\/korvalaanen.fi\/de\/wp-json\/wp\/v2\/comments?post=3420"}],"version-history":[{"count":12,"href":"https:\/\/korvalaanen.fi\/de\/wp-json\/wp\/v2\/pages\/3420\/revisions"}],"predecessor-version":[{"id":3540,"href":"https:\/\/korvalaanen.fi\/de\/wp-json\/wp\/v2\/pages\/3420\/revisions\/3540"}],"wp:attachment":[{"href":"https:\/\/korvalaanen.fi\/de\/wp-json\/wp\/v2\/media?parent=3420"}],"curies":[{"name":"wp","href":"https:\/\/api.w.org\/{rel}","templated":true}]}}